{"id":25501,"date":"2024-11-25T16:15:49","date_gmt":"2024-11-25T16:15:49","guid":{"rendered":"https:\/\/farbel.it\/?page_id=25501"},"modified":"2024-11-25T17:28:29","modified_gmt":"2024-11-25T17:28:29","slug":"cataloghi","status":"publish","type":"page","link":"https:\/\/farbel.it\/fr\/cataloghi\/","title":{"rendered":"Catalogues"},"content":{"rendered":"<div class=\"wpb-content-wrapper\"><div id=\"vc_row-69f2757566a47\" class=\"vc_row wpb_row vc_row-fluid vc_custom_1732555708433 thegem-custom-69f275756699d4695\"><div class=\"wpb_column vc_column_container vc_col-sm-12 thegem-custom-69f27575675e54928\" ><div class=\"vc_column-inner thegem-custom-inner-69f27575675eb\"><div class=\"wpb_wrapper thegem-custom-69f27575675e54928\">\r\n\t\r\n\t\t<div class=\"wpb_text_column wpb_content_element  wpb_animate_when_almost_visible wpb_bottom-to-top bottom-to-top thegem-vc-text thegem-custom-69f27575680015363\"  >\r\n\t\t\t<div class=\"wpb_wrapper\">\r\n\t\t\t\t<div class=\"styled-subtitle\" style=\"text-align: center;\"><span style=\"color: #b3ae8d;\">Explorez l&#039;art et le design de FARBEL<\/span><\/div>\n\r\n\t\t\t<\/div>\r\n\t\t\t<style>@media screen and (max-width: 1023px) {.thegem-vc-text.thegem-custom-69f27575680015363{display: block!important;}}@media screen and (max-width: 767px) {.thegem-vc-text.thegem-custom-69f27575680015363{display: block!important;}}@media screen and (max-width: 1023px) {.thegem-vc-text.thegem-custom-69f27575680015363{position: relative !important;}}@media screen and (max-width: 767px) {.thegem-vc-text.thegem-custom-69f27575680015363{position: relative !important;}}<\/style>\r\n\t\t<\/div>\r\n\t\r\n<div class=\"vc_row wpb_row vc_inner vc_row-fluid thegem-custom-69f2757568b5a3046 custom-inner-column-69f2757568b69\" ><div class=\"wpb_column vc_column_container vc_col-sm-12 thegem-custom-69f27575694765371\"><div class=\"vc_column-inner thegem-custom-inner-69f275756947b\"><div class=\"wpb_wrapper thegem-custom-69f27575694765371\">\r\n\t\r\n\t\t<div class=\"wpb_text_column wpb_content_element  thegem-vc-text thegem-custom-69f27575697f39307\"  >\r\n\t\t\t<div class=\"wpb_wrapper\">\r\n\t\t\t\t<p style=\"text-align: center;\"><span style=\"color: #b8b8b8;\">Bienvenue dans l&#039;univers FARBEL, o\u00f9 l&#039;art et l&#039;artisanat rencontrent l&#039;innovation. Nos catalogues sont une fen\u00eatre sur notre monde : une collection de cr\u00e9ations uniques, fruit de la passion et du savoir-faire qui nous distinguent depuis plus de 50 ans.\u00a0 <\/span><span style=\"color: #b8b8b8;\">T\u00e9l\u00e9chargez nos catalogues pour d\u00e9couvrir une gamme de produits allant des objets design aux articles personnalis\u00e9s et \u0153uvres d&#039;art sur mesure. Chaque pi\u00e8ce apporte le prestige du Made in Italy, symbole de qualit\u00e9, de style et d&#039;exclusivit\u00e9.<\/span><\/p>\n<p style=\"text-align: center;\"><strong><em><span style=\"color: #b8b8b8;\">Commencez votre voyage avec FARBEL et laissez-vous inspirer.<\/span><\/em><\/strong><\/p>\n<p style=\"text-align: center;\"><span style=\"color: #b8b8b8;\">\u00a0<\/span><\/p>\n\r\n\t\t\t<\/div>\r\n\t\t\t<style>@media screen and (max-width: 1023px) {.thegem-vc-text.thegem-custom-69f27575697f39307{display: block!important;}}@media screen and (max-width: 767px) {.thegem-vc-text.thegem-custom-69f27575697f39307{display: block!important;}}@media screen and (max-width: 1023px) {.thegem-vc-text.thegem-custom-69f27575697f39307{position: relative !important;}}@media screen and (max-width: 767px) {.thegem-vc-text.thegem-custom-69f27575697f39307{position: relative !important;}}<\/style>\r\n\t\t<\/div>\r\n\t\r\n<\/div><\/div><\/div><\/div><\/div><\/div><\/div><\/div><div class=\"vc_row-full-width-before\"><\/div><div id=\"vc_row-69f2757569cd0\" data-vc-full-width=\"true\" data-vc-full-width-init=\"false\" data-vc-stretch-content=\"true\" class=\"vc_row wpb_row vc_row-fluid thegem-custom-69f2757569cba6040 vc_column-gap-20\"><script type=\"text\/javascript\">if (typeof(gem_fix_fullwidth_position) == \"function\") { gem_fix_fullwidth_position(document.getElementById(\"vc_row-69f2757569cd0\")); }<\/script><div class=\"wpb_column vc_column_container vc_col-sm-3 thegem-custom-69f275756a11f7181\" ><div class=\"vc_column-inner thegem-custom-inner-69f275756a123\"><div class=\"wpb_wrapper thegem-custom-69f275756a11f7181\">\r\n\t\r\n\t<div  class=\"wpb_single_image wpb_content_element vc_align_center\" >\r\n\t\t\r\n\t\t<figure class=\"wpb_wrapper vc_figure\">\r\n\t\t\t<a href=\"https:\/\/farbel.it\/wp-content\/uploads\/2024\/11\/1-ImperialNERO.pdf\" target=\"_blank\" class=\"vc_single_image-wrapper   vc_box_border_grey\"><img width=\"960\" height=\"560\" src=\"https:\/\/farbel.it\/wp-content\/uploads\/2024\/11\/nero.png\" class=\"vc_single_image-img attachment-full\" alt=\"\" title=\"noir\" srcset=\"https:\/\/farbel.it\/wp-content\/uploads\/2024\/11\/nero.png 960w, https:\/\/farbel.it\/wp-content\/uploads\/2024\/11\/nero-300x175.png 300w, https:\/\/farbel.it\/wp-content\/uploads\/2024\/11\/nero-768x448.png 768w\" sizes=\"(max-width: 960px) 100vw, 960px\" \/><\/a>\r\n\t\t<\/figure>\r\n\t<\/div>\r\n\t\r\n\r\n\t\r\n\t\t<div class=\"wpb_text_column wpb_content_element  wpb_animate_when_almost_visible wpb_bottom-to-top bottom-to-top vc_custom_1732554029490 thegem-vc-text thegem-custom-69f275756b8b06188\"  >\r\n\t\t\t<div class=\"wpb_wrapper\">\r\n\t\t\t\t<p><span style=\"color: #b8b8b8;\">IMPERIAL \u2013 Excellence dans l\u2019art des montres anciennes<\/span><\/p>\n<p><span style=\"color: #b8b8b8;\">Depuis 1966, nous reproduisons avec passion et savoir-faire des horloges, des cand\u00e9labres et des statues, fid\u00e8les aux styles europ\u00e9ens les plus raffin\u00e9s. D\u00e9couvrez notre collection exclusive, fruit d&#039;une exp\u00e9rience artisanale unique et d&#039;une production interne de qualit\u00e9.<\/span><\/p>\n\r\n\t\t\t<\/div>\r\n\t\t\t<style>@media screen and (max-width: 1023px) {.thegem-vc-text.thegem-custom-69f275756b8b06188{display: block!important;}}@media screen and (max-width: 767px) {.thegem-vc-text.thegem-custom-69f275756b8b06188{display: block!important;}}@media screen and (max-width: 1023px) {.thegem-vc-text.thegem-custom-69f275756b8b06188{position: relative !important;}}@media screen and (max-width: 767px) {.thegem-vc-text.thegem-custom-69f275756b8b06188{position: relative !important;}}<\/style>\r\n\t\t<\/div>\r\n\t\r\n<\/div><\/div><\/div><div class=\"wpb_column vc_column_container vc_col-sm-3 thegem-custom-69f275756bc297846\" ><div class=\"vc_column-inner thegem-custom-inner-69f275756bc2d\"><div class=\"wpb_wrapper thegem-custom-69f275756bc297846\">\r\n\t\r\n\t<div  class=\"wpb_single_image wpb_content_element vc_align_center\" >\r\n\t\t\r\n\t\t<figure class=\"wpb_wrapper vc_figure\">\r\n\t\t\t<a href=\"https:\/\/farbel.it\/wp-content\/uploads\/2024\/11\/4-CATALOGO-PIETRE-PREZIOSE.pdf\" target=\"_blank\" class=\"vc_single_image-wrapper   vc_box_border_grey\"><img width=\"960\" height=\"560\" src=\"https:\/\/farbel.it\/wp-content\/uploads\/2024\/11\/imperial.png\" class=\"vc_single_image-img attachment-full\" alt=\"\" title=\"imp\u00e9rial\" srcset=\"https:\/\/farbel.it\/wp-content\/uploads\/2024\/11\/imperial.png 960w, https:\/\/farbel.it\/wp-content\/uploads\/2024\/11\/imperial-300x175.png 300w, https:\/\/farbel.it\/wp-content\/uploads\/2024\/11\/imperial-768x448.png 768w\" sizes=\"(max-width: 960px) 100vw, 960px\" \/><\/a>\r\n\t\t<\/figure>\r\n\t<\/div>\r\n\t\r\n\r\n\t\r\n\t\t<div class=\"wpb_text_column wpb_content_element  wpb_animate_when_almost_visible wpb_bottom-to-top bottom-to-top vc_custom_1732554128681 thegem-vc-text thegem-custom-69f275756c6714443\"  >\r\n\t\t\t<div class=\"wpb_wrapper\">\r\n\t\t\t\t<p><span style=\"color: #b8b8b8;\">IMPERIAL \u2013 Tradition et Ma\u00eetrise depuis 1966<\/span><\/p>\n<p><span style=\"color: #b8b8b8;\">Leader dans la reproduction fid\u00e8le de montres anciennes, IMPERIAL est synonyme d&#039;excellence artisanale. Avec une collection unique et une production interne de plus de 200 styles, nous proposons des articles en laiton massif qui refl\u00e8tent la sophistication des styles europ\u00e9ens.<\/span><\/p>\n\r\n\t\t\t<\/div>\r\n\t\t\t<style>@media screen and (max-width: 1023px) {.thegem-vc-text.thegem-custom-69f275756c6714443{display: block!important;}}@media screen and (max-width: 767px) {.thegem-vc-text.thegem-custom-69f275756c6714443{display: block!important;}}@media screen and (max-width: 1023px) {.thegem-vc-text.thegem-custom-69f275756c6714443{position: relative !important;}}@media screen and (max-width: 767px) {.thegem-vc-text.thegem-custom-69f275756c6714443{position: relative !important;}}<\/style>\r\n\t\t<\/div>\r\n\t\r\n<\/div><\/div><\/div><div class=\"wpb_column vc_column_container vc_col-sm-3 thegem-custom-69f275756c9e19569\" ><div class=\"vc_column-inner thegem-custom-inner-69f275756c9e6\"><div class=\"wpb_wrapper thegem-custom-69f275756c9e19569\">\r\n\t\r\n\t<div  class=\"wpb_single_image wpb_content_element vc_align_center\" >\r\n\t\t\r\n\t\t<figure class=\"wpb_wrapper vc_figure\">\r\n\t\t\t<a href=\"https:\/\/farbel.it\/wp-content\/uploads\/2024\/11\/3-catalogoVERDE.pdf\" target=\"_blank\" class=\"vc_single_image-wrapper   vc_box_border_grey\"><img width=\"960\" height=\"560\" src=\"https:\/\/farbel.it\/wp-content\/uploads\/2024\/11\/imperial-green-cat-1.jpg\" class=\"vc_single_image-img attachment-full\" alt=\"\" title=\"chat-vert-imp\u00e9rial\" srcset=\"https:\/\/farbel.it\/wp-content\/uploads\/2024\/11\/imperial-green-cat-1.jpg 960w, https:\/\/farbel.it\/wp-content\/uploads\/2024\/11\/imperial-green-cat-1-300x175.jpg 300w, https:\/\/farbel.it\/wp-content\/uploads\/2024\/11\/imperial-green-cat-1-768x448.jpg 768w\" sizes=\"(max-width: 960px) 100vw, 960px\" \/><\/a>\r\n\t\t<\/figure>\r\n\t<\/div>\r\n\t\r\n\r\n\t\r\n\t\t<div class=\"wpb_text_column wpb_content_element  wpb_animate_when_almost_visible wpb_bottom-to-top bottom-to-top vc_custom_1732554205796 thegem-vc-text thegem-custom-69f275756d3ff1089\"  >\r\n\t\t\t<div class=\"wpb_wrapper\">\r\n\t\t\t\t<p><span style=\"color: #b8b8b8;\">LE<strong>IMPERIAL \u2013 Art et raffinement en cand\u00e9labre<br \/>\n<\/strong><br \/>\nDepuis 1966, IMPERIAL est un symbole d&#039;excellence dans la cr\u00e9ation de cand\u00e9labres en laiton massif, agr\u00e9ment\u00e9s de d\u00e9tails uniques et de pierres pr\u00e9cieuses. Chaque pi\u00e8ce refl\u00e8te le raffinement des styles europ\u00e9ens, gr\u00e2ce \u00e0 une production interne qui garantit qualit\u00e9 et fid\u00e9lit\u00e9 \u00e0 l&#039;original.<\/span><\/p>\n\r\n\t\t\t<\/div>\r\n\t\t\t<style>@media screen and (max-width: 1023px) {.thegem-vc-text.thegem-custom-69f275756d3ff1089{display: block!important;}}@media screen and (max-width: 767px) {.thegem-vc-text.thegem-custom-69f275756d3ff1089{display: block!important;}}@media screen and (max-width: 1023px) {.thegem-vc-text.thegem-custom-69f275756d3ff1089{position: relative !important;}}@media screen and (max-width: 767px) {.thegem-vc-text.thegem-custom-69f275756d3ff1089{position: relative !important;}}<\/style>\r\n\t\t<\/div>\r\n\t\r\n<\/div><\/div><\/div><div class=\"wpb_column vc_column_container vc_col-sm-3 thegem-custom-69f275756d76e674\" ><div class=\"vc_column-inner thegem-custom-inner-69f275756d772\"><div class=\"wpb_wrapper thegem-custom-69f275756d76e674\">\r\n\t\r\n\t<div  class=\"wpb_single_image wpb_content_element vc_align_center\" >\r\n\t\t\r\n\t\t<figure class=\"wpb_wrapper vc_figure\">\r\n\t\t\t<a href=\"https:\/\/farbel.it\/wp-content\/uploads\/2024\/11\/2-imperialROSSO.pdf\" target=\"_blank\" class=\"vc_single_image-wrapper   vc_box_border_grey\"><img width=\"960\" height=\"560\" src=\"https:\/\/farbel.it\/wp-content\/uploads\/2024\/11\/catalogo-rosso.png\" class=\"vc_single_image-img attachment-full\" alt=\"\" title=\"catalogue-rouge\" srcset=\"https:\/\/farbel.it\/wp-content\/uploads\/2024\/11\/catalogo-rosso.png 960w, https:\/\/farbel.it\/wp-content\/uploads\/2024\/11\/catalogo-rosso-300x175.png 300w, https:\/\/farbel.it\/wp-content\/uploads\/2024\/11\/catalogo-rosso-768x448.png 768w\" sizes=\"(max-width: 960px) 100vw, 960px\" \/><\/a>\r\n\t\t<\/figure>\r\n\t<\/div>\r\n\t\r\n\r\n\t\r\n\t\t<div class=\"wpb_text_column wpb_content_element  wpb_animate_when_almost_visible wpb_bottom-to-top bottom-to-top vc_custom_1732554263196 thegem-vc-text thegem-custom-69f275756e1513150\"  >\r\n\t\t\t<div class=\"wpb_wrapper\">\r\n\t\t\t\t<p><span style=\"color: #b8b8b8;\"><strong>IMPERIAL \u2013 Excellence en horloges de table<br \/>\n<\/strong><br \/>\nDepuis 1966, IMPERIAL se distingue dans le monde entier par la reproduction fid\u00e8le d&#039;horloges, cand\u00e9labres et statues anciennes. Gr\u00e2ce \u00e0 une collection unique et une production interne en laiton massif, nous allions art, raffinement et qualit\u00e9 artisanale dans plus de 200 mod\u00e8les inspir\u00e9s des styles europ\u00e9ens les plus prestigieux.<\/span><\/p>\n\r\n\t\t\t<\/div>\r\n\t\t\t<style>@media screen and (max-width: 1023px) {.thegem-vc-text.thegem-custom-69f275756e1513150{display: block!important;}}@media screen and (max-width: 767px) {.thegem-vc-text.thegem-custom-69f275756e1513150{display: block!important;}}@media screen and (max-width: 1023px) {.thegem-vc-text.thegem-custom-69f275756e1513150{position: relative !important;}}@media screen and (max-width: 767px) {.thegem-vc-text.thegem-custom-69f275756e1513150{position: relative !important;}}<\/style>\r\n\t\t<\/div>\r\n\t\r\n<\/div><\/div><\/div><\/div><div class=\"vc_row-full-width vc_clearfix\"><\/div>\n<\/div>","protected":false},"excerpt":{"rendered":"","protected":false},"author":1,"featured_media":0,"parent":0,"menu_order":0,"comment_status":"closed","ping_status":"closed","template":"","meta":{"footnotes":""},"class_list":["post-25501","page","type-page","status-publish"],"_links":{"self":[{"href":"https:\/\/farbel.it\/fr\/wp-json\/wp\/v2\/pages\/25501","targetHints":{"allow":["GET"]}}],"collection":[{"href":"https:\/\/farbel.it\/fr\/wp-json\/wp\/v2\/pages"}],"about":[{"href":"https:\/\/farbel.it\/fr\/wp-json\/wp\/v2\/types\/page"}],"author":[{"embeddable":true,"href":"https:\/\/farbel.it\/fr\/wp-json\/wp\/v2\/users\/1"}],"replies":[{"embeddable":true,"href":"https:\/\/farbel.it\/fr\/wp-json\/wp\/v2\/comments?post=25501"}],"version-history":[{"count":20,"href":"https:\/\/farbel.it\/fr\/wp-json\/wp\/v2\/pages\/25501\/revisions"}],"predecessor-version":[{"id":25563,"href":"https:\/\/farbel.it\/fr\/wp-json\/wp\/v2\/pages\/25501\/revisions\/25563"}],"wp:attachment":[{"href":"https:\/\/farbel.it\/fr\/wp-json\/wp\/v2\/media?parent=25501"}],"curies":[{"name":"wp","href":"https:\/\/api.w.org\/{rel}","templated":true}]}}