{"id":44,"date":"2018-12-10T13:28:13","date_gmt":"2018-12-10T13:28:13","guid":{"rendered":"http:\/\/democontent.codex-themes.com\/sites-wpb-v5\/photography-studio\/?page_id=44"},"modified":"2024-11-26T16:47:57","modified_gmt":"2024-11-26T16:47:57","slug":"profilo-azienda","status":"publish","type":"page","link":"https:\/\/farbel.it\/de\/profilo-azienda\/","title":{"rendered":"Unternehmensprofil"},"content":{"rendered":"<div class=\"wpb-content-wrapper\"><div id=\"vc_row-69f72166440e4\" class=\"vc_row wpb_row vc_row-fluid vc_custom_1732541999046 thegem-custom-69f721664403a2340 vc_column-gap-30\"><div class=\"wpb_column vc_column_container vc_col-sm-12 thegem-custom-69f7216644cb37223\" ><div class=\"vc_column-inner thegem-custom-inner-69f7216644cb8\"><div class=\"wpb_wrapper thegem-custom-69f7216644cb37223\">\r\n\t\r\n\t<div  class=\"wpb_single_image wpb_content_element vc_align_center  vc_custom_1732546728051\" >\r\n\t\t\r\n\t\t<figure class=\"wpb_wrapper vc_figure\">\r\n\t\t\t<div class=\"vc_single_image-wrapper   vc_box_border_grey\"><img class=\"vc_single_image-img\" src=\"https:\/\/farbel.it\/wp-content\/uploads\/2024\/11\/farbel-400x72.png\" width=\"400\" height=\"72\" alt=\"farbel\" title=\"Farbel\" loading=\"lazy\" \/><\/div>\r\n\t\t<\/figure>\r\n\t<\/div>\r\n\t\r\n\r\n\t\r\n\t\t<div class=\"wpb_text_column wpb_content_element  wpb_animate_when_almost_visible wpb_bottom-to-top bottom-to-top thegem-vc-text thegem-custom-69f721664728c4370\"  >\r\n\t\t\t<div class=\"wpb_wrapper\">\r\n\t\t\t\t<div class=\"styled-subtitle\" style=\"text-align: center;\"><span style=\"color: #b3ae8d;\">Unser Unternehmen<br \/>\n<\/span><\/div>\n\r\n\t\t\t<\/div>\r\n\t\t\t<style>@media screen and (max-width: 1023px) {.thegem-vc-text.thegem-custom-69f721664728c4370{display: block!important;}}@media screen and (max-width: 767px) {.thegem-vc-text.thegem-custom-69f721664728c4370{display: block!important;}}@media screen and (max-width: 1023px) {.thegem-vc-text.thegem-custom-69f721664728c4370{position: relative !important;}}@media screen and (max-width: 767px) {.thegem-vc-text.thegem-custom-69f721664728c4370{position: relative !important;}}<\/style>\r\n\t\t<\/div>\r\n\t\r\n<div class=\"clearboth\"><\/div><style>#thegem-divider-69f721664747b {margin-top: 50px !important;}<\/style><div id=\"thegem-divider-69f721664747b\" class=\"gem-divider\" style=\"\" ><\/div><div class=\"vc_row wpb_row vc_inner vc_row-fluid thegem-custom-69f72166481f73294 custom-inner-column-69f7216648207\" ><div class=\"wpb_column vc_column_container vc_col-sm-6 thegem-custom-69f7216648d3a9567\"><div class=\"vc_column-inner thegem-custom-inner-69f7216648d3f\"><div class=\"wpb_wrapper thegem-custom-69f7216648d3a9567\">\r\n\t\r\n\t\t<div class=\"wpb_text_column wpb_content_element  wpb_animate_when_almost_visible wpb_bottom-to-top bottom-to-top thegem-vc-text thegem-custom-69f721664916b4742\"  >\r\n\t\t\t<div class=\"wpb_wrapper\">\r\n\t\t\t\t<p><span style=\"color: #b8b8b8;\"><strong>FARBEL: Die Exzellenz des Made in Italy in der Welt der k\u00fcnstlerischen Fusion<br \/>\n<\/strong><\/span><\/p>\n<p><span style=\"color: #b8b8b8;\">1966 gegr\u00fcndet, <strong>FARBEL<\/strong> ist heute eine S\u00e4ule der italienischen Industrie im Gie\u00dfereisektor. Messing, Bronze, Aluminium, Kupfer und Stahl: Das sind die Metalle, die wir in unserem Unternehmen t\u00e4glich mit K\u00f6nnen und Leidenschaft formen.<\/span><\/p>\n<p><span style=\"color: #b8b8b8;\">Unsere St\u00e4rke liegt in der Verbindung von Tradition und Innovation: Dank modernster Technologien sind wir in der Lage, ma\u00dfgeschneiderte W\u00fcnsche zu erf\u00fcllen, von der Kleinserie bis zur Gro\u00dfproduktion im internationalen Ma\u00dfstab.<\/span><\/p>\n\r\n\t\t\t<\/div>\r\n\t\t\t<style>@media screen and (max-width: 1023px) {.thegem-vc-text.thegem-custom-69f721664916b4742{display: block!important;}}@media screen and (max-width: 767px) {.thegem-vc-text.thegem-custom-69f721664916b4742{display: block!important;}}@media screen and (max-width: 1023px) {.thegem-vc-text.thegem-custom-69f721664916b4742{position: relative !important;}}@media screen and (max-width: 767px) {.thegem-vc-text.thegem-custom-69f721664916b4742{position: relative !important;}}<\/style>\r\n\t\t<\/div>\r\n\t\r\n<\/div><\/div><\/div><div class=\"wpb_column vc_column_container vc_col-sm-6 thegem-custom-69f72166496f79847\"><div class=\"vc_column-inner thegem-custom-inner-69f72166496fc\"><div class=\"wpb_wrapper thegem-custom-69f72166496f79847\">\r\n\t\r\n\t\t<div class=\"wpb_text_column wpb_content_element  thegem-vc-text thegem-custom-69f72166499c76711\"  >\r\n\t\t\t<div class=\"wpb_wrapper\">\r\n\t\t\t\t<p><span style=\"color: #b8b8b8;\">An der Spitze dieses au\u00dfergew\u00f6hnlichen Abenteuers steht der Gr\u00fcnder <strong>Giuseppe Belotti<\/strong>, ein vision\u00e4rer Unternehmer, der stets nach Perfektion, Qualit\u00e4t und Eleganz strebte. Inspiriert von der Kunst und dem Ruhm der Geschichte legte Belotti die soliden Grundlagen von <strong>FARBEL<\/strong>, ein Unternehmen, das stolz die Marke \u201eMade in Italy\u201c in jeden Winkel der Welt tr\u00e4gt.<\/span><\/p>\n<p><span style=\"color: #b8b8b8;\">Unser Ziel? Geben Sie das Prestige des \u201e<strong>Hergestellt in Italien<\/strong>\u201eDie Rolle, die es verdient, indem es jede unserer Kreationen in ein Symbol f\u00fcr Exzellenz, Stil und Zuverl\u00e4ssigkeit verwandelt.\u201c <strong>FARBEL<\/strong> Es ist nicht nur ein Unternehmen: Es ist ein Botschafter italienischer Qualit\u00e4t, der auf der ganzen Welt anerkannt und gesch\u00e4tzt wird.<\/span><\/p>\n\r\n\t\t\t<\/div>\r\n\t\t\t<style>@media screen and (max-width: 1023px) {.thegem-vc-text.thegem-custom-69f72166499c76711{display: block!important;}}@media screen and (max-width: 767px) {.thegem-vc-text.thegem-custom-69f72166499c76711{display: block!important;}}@media screen and (max-width: 1023px) {.thegem-vc-text.thegem-custom-69f72166499c76711{position: relative !important;}}@media screen and (max-width: 767px) {.thegem-vc-text.thegem-custom-69f72166499c76711{position: relative !important;}}<\/style>\r\n\t\t<\/div>\r\n\t\r\n<\/div><\/div><\/div><\/div><\/div><\/div><\/div><\/div><div class=\"vc_row-full-width-before\"><\/div><div id=\"vc_row-69f7216649fb1\" data-vc-full-width=\"true\" data-vc-full-width-init=\"false\" data-vc-stretch-content=\"true\" class=\"vc_row wpb_row vc_row-fluid thegem-custom-69f7216649f9c4665 vc_row-no-padding\"><script type=\"text\/javascript\">if (typeof(gem_fix_fullwidth_position) == \"function\") { gem_fix_fullwidth_position(document.getElementById(\"vc_row-69f7216649fb1\")); }<\/script><div class=\"wpb_column vc_column_container vc_col-sm-3 thegem-custom-69f721664a3d92181\" ><div class=\"vc_column-inner thegem-custom-inner-69f721664a3dd\"><div class=\"wpb_wrapper thegem-custom-69f721664a3d92181\">\r\n\t\r\n\t<div  class=\"wpb_single_image wpb_content_element vc_align_center\" >\r\n\t\t\r\n\t\t<figure class=\"wpb_wrapper vc_figure\">\r\n\t\t\t<div class=\"vc_single_image-wrapper   vc_box_border_grey\"><img width=\"960\" height=\"820\" src=\"https:\/\/farbel.it\/wp-content\/uploads\/2024\/10\/storia-1.jpg\" class=\"vc_single_image-img attachment-full\" alt=\"\" title=\"Geschichte-1\" srcset=\"https:\/\/farbel.it\/wp-content\/uploads\/2024\/10\/storia-1.jpg 960w, https:\/\/farbel.it\/wp-content\/uploads\/2024\/10\/storia-1-300x256.jpg 300w, https:\/\/farbel.it\/wp-content\/uploads\/2024\/10\/storia-1-768x656.jpg 768w, https:\/\/farbel.it\/wp-content\/uploads\/2024\/10\/storia-1-600x513.jpg 600w\" sizes=\"(max-width: 960px) 100vw, 960px\" \/><\/div>\r\n\t\t<\/figure>\r\n\t<\/div>\r\n\t\r\n<\/div><\/div><\/div><div class=\"wpb_column vc_column_container vc_col-sm-3 thegem-custom-69f721664b4038970\" ><div class=\"vc_column-inner thegem-custom-inner-69f721664b409\"><div class=\"wpb_wrapper thegem-custom-69f721664b4038970\">\r\n\t\r\n\t<div  class=\"wpb_single_image wpb_content_element vc_align_center\" >\r\n\t\t\r\n\t\t<figure class=\"wpb_wrapper vc_figure\">\r\n\t\t\t<div class=\"vc_single_image-wrapper   vc_box_border_grey\"><img width=\"960\" height=\"820\" src=\"https:\/\/farbel.it\/wp-content\/uploads\/2024\/10\/storia-4.jpg\" class=\"vc_single_image-img attachment-full\" alt=\"\" title=\"Geschichte-4\" srcset=\"https:\/\/farbel.it\/wp-content\/uploads\/2024\/10\/storia-4.jpg 960w, https:\/\/farbel.it\/wp-content\/uploads\/2024\/10\/storia-4-300x256.jpg 300w, https:\/\/farbel.it\/wp-content\/uploads\/2024\/10\/storia-4-768x656.jpg 768w, https:\/\/farbel.it\/wp-content\/uploads\/2024\/10\/storia-4-600x513.jpg 600w\" sizes=\"(max-width: 960px) 100vw, 960px\" \/><\/div>\r\n\t\t<\/figure>\r\n\t<\/div>\r\n\t\r\n<\/div><\/div><\/div><div class=\"wpb_column vc_column_container vc_col-sm-3 thegem-custom-69f721664bf0a6880\" ><div class=\"vc_column-inner thegem-custom-inner-69f721664bf0e\"><div class=\"wpb_wrapper thegem-custom-69f721664bf0a6880\">\r\n\t\r\n\t<div  class=\"wpb_single_image wpb_content_element vc_align_center\" >\r\n\t\t\r\n\t\t<figure class=\"wpb_wrapper vc_figure\">\r\n\t\t\t<div class=\"vc_single_image-wrapper   vc_box_border_grey\"><img width=\"960\" height=\"820\" src=\"https:\/\/farbel.it\/wp-content\/uploads\/2024\/11\/farbel3.jpg\" class=\"vc_single_image-img attachment-full\" alt=\"\" title=\"farbel3\" srcset=\"https:\/\/farbel.it\/wp-content\/uploads\/2024\/11\/farbel3.jpg 960w, https:\/\/farbel.it\/wp-content\/uploads\/2024\/11\/farbel3-300x256.jpg 300w, https:\/\/farbel.it\/wp-content\/uploads\/2024\/11\/farbel3-768x656.jpg 768w, https:\/\/farbel.it\/wp-content\/uploads\/2024\/11\/farbel3-600x513.jpg 600w\" sizes=\"(max-width: 960px) 100vw, 960px\" \/><\/div>\r\n\t\t<\/figure>\r\n\t<\/div>\r\n\t\r\n<\/div><\/div><\/div><div class=\"wpb_column vc_column_container vc_col-sm-3 thegem-custom-69f721664caf08435\" ><div class=\"vc_column-inner thegem-custom-inner-69f721664caf4\"><div class=\"wpb_wrapper thegem-custom-69f721664caf08435\">\r\n\t\r\n\t<div  class=\"wpb_single_image wpb_content_element vc_align_center\" >\r\n\t\t\r\n\t\t<figure class=\"wpb_wrapper vc_figure\">\r\n\t\t\t<div class=\"vc_single_image-wrapper   vc_box_border_grey\"><img width=\"960\" height=\"820\" src=\"https:\/\/farbel.it\/wp-content\/uploads\/2024\/11\/farbel4.jpg\" class=\"vc_single_image-img attachment-full\" alt=\"\" title=\"farbel4\" srcset=\"https:\/\/farbel.it\/wp-content\/uploads\/2024\/11\/farbel4.jpg 960w, https:\/\/farbel.it\/wp-content\/uploads\/2024\/11\/farbel4-300x256.jpg 300w, https:\/\/farbel.it\/wp-content\/uploads\/2024\/11\/farbel4-768x656.jpg 768w\" sizes=\"(max-width: 960px) 100vw, 960px\" \/><\/div>\r\n\t\t<\/figure>\r\n\t<\/div>\r\n\t\r\n<\/div><\/div><\/div><\/div><div class=\"vc_row-full-width vc_clearfix\"><\/div><div id=\"vc_row-69f721664d885\" class=\"vc_row wpb_row vc_row-fluid vc_custom_1732541999046 thegem-custom-69f721664d8637280 vc_column-gap-30\"><div class=\"wpb_column vc_column_container vc_col-sm-12 thegem-custom-69f721664dd3b3002\" ><div class=\"vc_column-inner thegem-custom-inner-69f721664dd40\"><div class=\"wpb_wrapper thegem-custom-69f721664dd3b3002\">\r\n\t\r\n\t\t<div class=\"wpb_text_column wpb_content_element  wpb_animate_when_almost_visible wpb_bottom-to-top bottom-to-top thegem-vc-text thegem-custom-69f721664e1166617\"  >\r\n\t\t\t<div class=\"wpb_wrapper\">\r\n\t\t\t\t<div class=\"styled-subtitle\" style=\"text-align: center;\"><span style=\"color: #b3ae8d;\">Mit FARBEL wird k\u00fcnstlerische Fusion zur Kunstform<br \/>\nsich st\u00e4ndig weiterentwickeln, <strong><em>bereit, im Laufe der Zeit und im Stil seine Spuren zu hinterlassen<\/em><\/strong>.<br \/>\n<\/span><\/div>\n\r\n\t\t\t<\/div>\r\n\t\t\t<style>@media screen and (max-width: 1023px) {.thegem-vc-text.thegem-custom-69f721664e1166617{display: block!important;}}@media screen and (max-width: 767px) {.thegem-vc-text.thegem-custom-69f721664e1166617{display: block!important;}}@media screen and (max-width: 1023px) {.thegem-vc-text.thegem-custom-69f721664e1166617{position: relative !important;}}@media screen and (max-width: 767px) {.thegem-vc-text.thegem-custom-69f721664e1166617{position: relative !important;}}<\/style>\r\n\t\t<\/div>\r\n\t\r\n<div class=\"clearboth\"><\/div><style>#thegem-divider-69f721664e241 {margin-top: 50px !important;}<\/style><div id=\"thegem-divider-69f721664e241\" class=\"gem-divider\" style=\"\" ><\/div><div class=\"vc_row wpb_row vc_inner vc_row-fluid thegem-custom-69f721664e50a8774 custom-inner-column-69f721664e517\" ><div class=\"wpb_column vc_column_container vc_col-sm-12 thegem-custom-69f721664e89b9905\"><div class=\"vc_column-inner thegem-custom-inner-69f721664e89f\"><div class=\"wpb_wrapper thegem-custom-69f721664e89b9905\">\r\n\t\r\n\t\t<div class=\"wpb_text_column wpb_content_element  thegem-vc-text thegem-custom-69f721664eb486252\"  >\r\n\t\t\t<div class=\"wpb_wrapper\">\r\n\t\t\t\t<p style=\"text-align: center;\"><span style=\"color: #b8b8b8;\">K\u00fcnstlerische Fusion ist die Seele unserer Produktion, ein Prozess, der Tradition und Innovation verbindet, um zeitlosen Werken Leben einzuhauchen. Jedes St\u00fcck entsteht aus einer Idee, einer Zeichnung oder einem Modell, das durch erfahrene H\u00e4nde und modernste Technologien Gestalt annimmt.<\/span><\/p>\n<p style=\"text-align: center;\"><span style=\"color: #b8b8b8;\">F\u00fcr uns ist k\u00fcnstlerische Fusion nicht nur eine Technik, sondern eine Sprache, mit der wir die Kultur, Kreativit\u00e4t und das Prestige des Made in Italy zum Ausdruck bringen k\u00f6nnen. Jedes Werk von FARBEL ist eine Hommage an die Kunst, die Umgebungen erhellen und jedem Raum einen Hauch von Exklusivit\u00e4t verleihen kann.<\/span><\/p>\n<p style=\"text-align: center;\"><span style=\"color: #b8b8b8;\">Mit FARBEL wird die k\u00fcnstlerische Fusion zu einer sich st\u00e4ndig weiterentwickelnden Kunstform, die im Laufe der Zeit und des Stils ihre Spuren hinterlassen wird.<\/span><\/p>\n\r\n\t\t\t<\/div>\r\n\t\t\t<style>@media screen and (max-width: 1023px) {.thegem-vc-text.thegem-custom-69f721664eb486252{display: block!important;}}@media screen and (max-width: 767px) {.thegem-vc-text.thegem-custom-69f721664eb486252{display: block!important;}}@media screen and (max-width: 1023px) {.thegem-vc-text.thegem-custom-69f721664eb486252{position: relative !important;}}@media screen and (max-width: 767px) {.thegem-vc-text.thegem-custom-69f721664eb486252{position: relative !important;}}<\/style>\r\n\t\t<\/div>\r\n\t\r\n<\/div><\/div><\/div><\/div><\/div><\/div><\/div><\/div>\n<\/div>","protected":false},"excerpt":{"rendered":"","protected":false},"author":1,"featured_media":0,"parent":0,"menu_order":0,"comment_status":"closed","ping_status":"open","template":"","meta":{"footnotes":""},"class_list":["post-44","page","type-page","status-publish"],"_links":{"self":[{"href":"https:\/\/farbel.it\/de\/wp-json\/wp\/v2\/pages\/44","targetHints":{"allow":["GET"]}}],"collection":[{"href":"https:\/\/farbel.it\/de\/wp-json\/wp\/v2\/pages"}],"about":[{"href":"https:\/\/farbel.it\/de\/wp-json\/wp\/v2\/types\/page"}],"author":[{"embeddable":true,"href":"https:\/\/farbel.it\/de\/wp-json\/wp\/v2\/users\/1"}],"replies":[{"embeddable":true,"href":"https:\/\/farbel.it\/de\/wp-json\/wp\/v2\/comments?post=44"}],"version-history":[{"count":54,"href":"https:\/\/farbel.it\/de\/wp-json\/wp\/v2\/pages\/44\/revisions"}],"predecessor-version":[{"id":25588,"href":"https:\/\/farbel.it\/de\/wp-json\/wp\/v2\/pages\/44\/revisions\/25588"}],"wp:attachment":[{"href":"https:\/\/farbel.it\/de\/wp-json\/wp\/v2\/media?parent=44"}],"curies":[{"name":"wp","href":"https:\/\/api.w.org\/{rel}","templated":true}]}}