{"id":25501,"date":"2024-11-25T16:15:49","date_gmt":"2024-11-25T16:15:49","guid":{"rendered":"https:\/\/farbel.it\/?page_id=25501"},"modified":"2024-11-25T17:28:29","modified_gmt":"2024-11-25T17:28:29","slug":"cataloghi","status":"publish","type":"page","link":"https:\/\/farbel.it\/de\/cataloghi\/","title":{"rendered":"Kataloge"},"content":{"rendered":"<div class=\"wpb-content-wrapper\"><div id=\"vc_row-69f26f0b242fb\" class=\"vc_row wpb_row vc_row-fluid vc_custom_1732555708433 thegem-custom-69f26f0b242d34715\"><div class=\"wpb_column vc_column_container vc_col-sm-12 thegem-custom-69f26f0b245d71203\" ><div class=\"vc_column-inner thegem-custom-inner-69f26f0b245db\"><div class=\"wpb_wrapper thegem-custom-69f26f0b245d71203\">\r\n\t\r\n\t\t<div class=\"wpb_text_column wpb_content_element  wpb_animate_when_almost_visible wpb_bottom-to-top bottom-to-top thegem-vc-text thegem-custom-69f26f0b2496c1666\"  >\r\n\t\t\t<div class=\"wpb_wrapper\">\r\n\t\t\t\t<div class=\"styled-subtitle\" style=\"text-align: center;\"><span style=\"color: #b3ae8d;\">Entdecken Sie die Kunst und das Design von FARBEL<\/span><\/div>\n\r\n\t\t\t<\/div>\r\n\t\t\t<style>@media screen and (max-width: 1023px) {.thegem-vc-text.thegem-custom-69f26f0b2496c1666{display: block!important;}}@media screen and (max-width: 767px) {.thegem-vc-text.thegem-custom-69f26f0b2496c1666{display: block!important;}}@media screen and (max-width: 1023px) {.thegem-vc-text.thegem-custom-69f26f0b2496c1666{position: relative !important;}}@media screen and (max-width: 767px) {.thegem-vc-text.thegem-custom-69f26f0b2496c1666{position: relative !important;}}<\/style>\r\n\t\t<\/div>\r\n\t\r\n<div class=\"vc_row wpb_row vc_inner vc_row-fluid thegem-custom-69f26f0b24c7c8041 custom-inner-column-69f26f0b24c89\" ><div class=\"wpb_column vc_column_container vc_col-sm-12 thegem-custom-69f26f0b24ecd6977\"><div class=\"vc_column-inner thegem-custom-inner-69f26f0b24ecf\"><div class=\"wpb_wrapper thegem-custom-69f26f0b24ecd6977\">\r\n\t\r\n\t\t<div class=\"wpb_text_column wpb_content_element  thegem-vc-text thegem-custom-69f26f0b2508a6842\"  >\r\n\t\t\t<div class=\"wpb_wrapper\">\r\n\t\t\t\t<p style=\"text-align: center;\"><span style=\"color: #b8b8b8;\">Willkommen im FARBEL-Universum, wo Kunst und Handwerkskunst auf Innovation treffen. Unsere Kataloge sind ein Fenster in unsere Welt: eine Sammlung einzigartiger Kreationen, das Ergebnis der Leidenschaft und Handwerkskunst, die uns seit \u00fcber 50 Jahren auszeichnet.\u00a0 <\/span><span style=\"color: #b8b8b8;\">Laden Sie unsere Kataloge herunter, um eine Produktpalette zu entdecken, die von Designerobjekten \u00fcber personalisierte Artikel bis hin zu ma\u00dfgeschneiderten Kunstwerken reicht. Jedes St\u00fcck bringt das Prestige des Made in Italy mit sich, ein Symbol f\u00fcr Qualit\u00e4t, Stil und Exklusivit\u00e4t.<\/span><\/p>\n<p style=\"text-align: center;\"><strong><em><span style=\"color: #b8b8b8;\">Beginnen Sie Ihre Reise mit FARBEL und lassen Sie sich inspirieren.<\/span><\/em><\/strong><\/p>\n<p style=\"text-align: center;\"><span style=\"color: #b8b8b8;\">\u00a0<\/span><\/p>\n\r\n\t\t\t<\/div>\r\n\t\t\t<style>@media screen and (max-width: 1023px) {.thegem-vc-text.thegem-custom-69f26f0b2508a6842{display: block!important;}}@media screen and (max-width: 767px) {.thegem-vc-text.thegem-custom-69f26f0b2508a6842{display: block!important;}}@media screen and (max-width: 1023px) {.thegem-vc-text.thegem-custom-69f26f0b2508a6842{position: relative !important;}}@media screen and (max-width: 767px) {.thegem-vc-text.thegem-custom-69f26f0b2508a6842{position: relative !important;}}<\/style>\r\n\t\t<\/div>\r\n\t\r\n<\/div><\/div><\/div><\/div><\/div><\/div><\/div><\/div><div class=\"vc_row-full-width-before\"><\/div><div id=\"vc_row-69f26f0b25373\" data-vc-full-width=\"true\" data-vc-full-width-init=\"false\" data-vc-stretch-content=\"true\" class=\"vc_row wpb_row vc_row-fluid thegem-custom-69f26f0b253664964 vc_column-gap-20\"><script type=\"text\/javascript\">if (typeof(gem_fix_fullwidth_position) == \"function\") { gem_fix_fullwidth_position(document.getElementById(\"vc_row-69f26f0b25373\")); }<\/script><div class=\"wpb_column vc_column_container vc_col-sm-3 thegem-custom-69f26f0b25588468\" ><div class=\"vc_column-inner thegem-custom-inner-69f26f0b2558a\"><div class=\"wpb_wrapper thegem-custom-69f26f0b25588468\">\r\n\t\r\n\t<div  class=\"wpb_single_image wpb_content_element vc_align_center\" >\r\n\t\t\r\n\t\t<figure class=\"wpb_wrapper vc_figure\">\r\n\t\t\t<a href=\"https:\/\/farbel.it\/wp-content\/uploads\/2024\/11\/1-ImperialNERO.pdf\" target=\"_blank\" class=\"vc_single_image-wrapper   vc_box_border_grey\"><img width=\"960\" height=\"560\" src=\"https:\/\/farbel.it\/wp-content\/uploads\/2024\/11\/nero.png\" class=\"vc_single_image-img attachment-full\" alt=\"\" title=\"Schwarz\" srcset=\"https:\/\/farbel.it\/wp-content\/uploads\/2024\/11\/nero.png 960w, https:\/\/farbel.it\/wp-content\/uploads\/2024\/11\/nero-300x175.png 300w, https:\/\/farbel.it\/wp-content\/uploads\/2024\/11\/nero-768x448.png 768w\" sizes=\"(max-width: 960px) 100vw, 960px\" \/><\/a>\r\n\t\t<\/figure>\r\n\t<\/div>\r\n\t\r\n\r\n\t\r\n\t\t<div class=\"wpb_text_column wpb_content_element  wpb_animate_when_almost_visible wpb_bottom-to-top bottom-to-top vc_custom_1732554029490 thegem-vc-text thegem-custom-69f26f0b25dfd5944\"  >\r\n\t\t\t<div class=\"wpb_wrapper\">\r\n\t\t\t\t<p><span style=\"color: #b8b8b8;\">IMPERIAL \u2013 Exzellenz in der Kunst antiker Uhren<\/span><\/p>\n<p><span style=\"color: #b8b8b8;\">Seit 1966 reproduzieren wir mit Leidenschaft und Geschick Uhren, Kandelaber und Statuen, getreu den raffiniertesten europ\u00e4ischen Stilen. Entdecken Sie unsere exklusive Kollektion, das Ergebnis einer einzigartigen handwerklichen Erfahrung und einer hochwertigen internen Produktion.<\/span><\/p>\n\r\n\t\t\t<\/div>\r\n\t\t\t<style>@media screen and (max-width: 1023px) {.thegem-vc-text.thegem-custom-69f26f0b25dfd5944{display: block!important;}}@media screen and (max-width: 767px) {.thegem-vc-text.thegem-custom-69f26f0b25dfd5944{display: block!important;}}@media screen and (max-width: 1023px) {.thegem-vc-text.thegem-custom-69f26f0b25dfd5944{position: relative !important;}}@media screen and (max-width: 767px) {.thegem-vc-text.thegem-custom-69f26f0b25dfd5944{position: relative !important;}}<\/style>\r\n\t\t<\/div>\r\n\t\r\n<\/div><\/div><\/div><div class=\"wpb_column vc_column_container vc_col-sm-3 thegem-custom-69f26f0b260043245\" ><div class=\"vc_column-inner thegem-custom-inner-69f26f0b26007\"><div class=\"wpb_wrapper thegem-custom-69f26f0b260043245\">\r\n\t\r\n\t<div  class=\"wpb_single_image wpb_content_element vc_align_center\" >\r\n\t\t\r\n\t\t<figure class=\"wpb_wrapper vc_figure\">\r\n\t\t\t<a href=\"https:\/\/farbel.it\/wp-content\/uploads\/2024\/11\/4-CATALOGO-PIETRE-PREZIOSE.pdf\" target=\"_blank\" class=\"vc_single_image-wrapper   vc_box_border_grey\"><img width=\"960\" height=\"560\" src=\"https:\/\/farbel.it\/wp-content\/uploads\/2024\/11\/imperial.png\" class=\"vc_single_image-img attachment-full\" alt=\"\" title=\"kaiserlich\" srcset=\"https:\/\/farbel.it\/wp-content\/uploads\/2024\/11\/imperial.png 960w, https:\/\/farbel.it\/wp-content\/uploads\/2024\/11\/imperial-300x175.png 300w, https:\/\/farbel.it\/wp-content\/uploads\/2024\/11\/imperial-768x448.png 768w\" sizes=\"(max-width: 960px) 100vw, 960px\" \/><\/a>\r\n\t\t<\/figure>\r\n\t<\/div>\r\n\t\r\n\r\n\t\r\n\t\t<div class=\"wpb_text_column wpb_content_element  wpb_animate_when_almost_visible wpb_bottom-to-top bottom-to-top vc_custom_1732554128681 thegem-vc-text thegem-custom-69f26f0b267189973\"  >\r\n\t\t\t<div class=\"wpb_wrapper\">\r\n\t\t\t\t<p><span style=\"color: #b8b8b8;\">IMPERIAL \u2013 Tradition und Meisterschaft seit 1966<\/span><\/p>\n<p><span style=\"color: #b8b8b8;\">IMPERIAL ist f\u00fchrend in der originalgetreuen Reproduktion antiker Uhren und steht f\u00fcr exzellente Handwerkskunst. Mit einer einzigartigen Kollektion und Eigenproduktion von \u00fcber 200 Stilen bieten wir Artikel aus massivem Messing, die die Raffinesse europ\u00e4ischer Stile widerspiegeln.<\/span><\/p>\n\r\n\t\t\t<\/div>\r\n\t\t\t<style>@media screen and (max-width: 1023px) {.thegem-vc-text.thegem-custom-69f26f0b267189973{display: block!important;}}@media screen and (max-width: 767px) {.thegem-vc-text.thegem-custom-69f26f0b267189973{display: block!important;}}@media screen and (max-width: 1023px) {.thegem-vc-text.thegem-custom-69f26f0b267189973{position: relative !important;}}@media screen and (max-width: 767px) {.thegem-vc-text.thegem-custom-69f26f0b267189973{position: relative !important;}}<\/style>\r\n\t\t<\/div>\r\n\t\r\n<\/div><\/div><\/div><div class=\"wpb_column vc_column_container vc_col-sm-3 thegem-custom-69f26f0b269295619\" ><div class=\"vc_column-inner thegem-custom-inner-69f26f0b2692c\"><div class=\"wpb_wrapper thegem-custom-69f26f0b269295619\">\r\n\t\r\n\t<div  class=\"wpb_single_image wpb_content_element vc_align_center\" >\r\n\t\t\r\n\t\t<figure class=\"wpb_wrapper vc_figure\">\r\n\t\t\t<a href=\"https:\/\/farbel.it\/wp-content\/uploads\/2024\/11\/3-catalogoVERDE.pdf\" target=\"_blank\" class=\"vc_single_image-wrapper   vc_box_border_grey\"><img width=\"960\" height=\"560\" src=\"https:\/\/farbel.it\/wp-content\/uploads\/2024\/11\/imperial-green-cat-1.jpg\" class=\"vc_single_image-img attachment-full\" alt=\"\" title=\"kaiserliche-gr\u00fcne-katze\" srcset=\"https:\/\/farbel.it\/wp-content\/uploads\/2024\/11\/imperial-green-cat-1.jpg 960w, https:\/\/farbel.it\/wp-content\/uploads\/2024\/11\/imperial-green-cat-1-300x175.jpg 300w, https:\/\/farbel.it\/wp-content\/uploads\/2024\/11\/imperial-green-cat-1-768x448.jpg 768w\" sizes=\"(max-width: 960px) 100vw, 960px\" \/><\/a>\r\n\t\t<\/figure>\r\n\t<\/div>\r\n\t\r\n\r\n\t\r\n\t\t<div class=\"wpb_text_column wpb_content_element  wpb_animate_when_almost_visible wpb_bottom-to-top bottom-to-top vc_custom_1732554205796 thegem-vc-text thegem-custom-69f26f0b270097898\"  >\r\n\t\t\t<div class=\"wpb_wrapper\">\r\n\t\t\t\t<p><span style=\"color: #b8b8b8;\">DER<strong>IMPERIAL \u2013 Kunst und Raffinesse in Kandelabern<br \/>\n<\/strong><br \/>\nSeit 1966 ist IMPERIAL ein Symbol f\u00fcr Exzellenz in der Herstellung von Kandelabern aus massivem Messing, verziert mit einzigartigen Details und Edelsteinen. Jedes St\u00fcck spiegelt die Raffinesse europ\u00e4ischer Stile wider, dank der internen Produktion, die Qualit\u00e4t und Treue zum Original garantiert.<\/span><\/p>\n\r\n\t\t\t<\/div>\r\n\t\t\t<style>@media screen and (max-width: 1023px) {.thegem-vc-text.thegem-custom-69f26f0b270097898{display: block!important;}}@media screen and (max-width: 767px) {.thegem-vc-text.thegem-custom-69f26f0b270097898{display: block!important;}}@media screen and (max-width: 1023px) {.thegem-vc-text.thegem-custom-69f26f0b270097898{position: relative !important;}}@media screen and (max-width: 767px) {.thegem-vc-text.thegem-custom-69f26f0b270097898{position: relative !important;}}<\/style>\r\n\t\t<\/div>\r\n\t\r\n<\/div><\/div><\/div><div class=\"wpb_column vc_column_container vc_col-sm-3 thegem-custom-69f26f0b271fc2513\" ><div class=\"vc_column-inner thegem-custom-inner-69f26f0b271fe\"><div class=\"wpb_wrapper thegem-custom-69f26f0b271fc2513\">\r\n\t\r\n\t<div  class=\"wpb_single_image wpb_content_element vc_align_center\" >\r\n\t\t\r\n\t\t<figure class=\"wpb_wrapper vc_figure\">\r\n\t\t\t<a href=\"https:\/\/farbel.it\/wp-content\/uploads\/2024\/11\/2-imperialROSSO.pdf\" target=\"_blank\" class=\"vc_single_image-wrapper   vc_box_border_grey\"><img width=\"960\" height=\"560\" src=\"https:\/\/farbel.it\/wp-content\/uploads\/2024\/11\/catalogo-rosso.png\" class=\"vc_single_image-img attachment-full\" alt=\"\" title=\"Rot-Katalog\" srcset=\"https:\/\/farbel.it\/wp-content\/uploads\/2024\/11\/catalogo-rosso.png 960w, https:\/\/farbel.it\/wp-content\/uploads\/2024\/11\/catalogo-rosso-300x175.png 300w, https:\/\/farbel.it\/wp-content\/uploads\/2024\/11\/catalogo-rosso-768x448.png 768w\" sizes=\"(max-width: 960px) 100vw, 960px\" \/><\/a>\r\n\t\t<\/figure>\r\n\t<\/div>\r\n\t\r\n\r\n\t\r\n\t\t<div class=\"wpb_text_column wpb_content_element  wpb_animate_when_almost_visible wpb_bottom-to-top bottom-to-top vc_custom_1732554263196 thegem-vc-text thegem-custom-69f26f0b278b15120\"  >\r\n\t\t\t<div class=\"wpb_wrapper\">\r\n\t\t\t\t<p><span style=\"color: #b8b8b8;\"><strong>IMPERIAL \u2013 Exzellenz bei Tischuhren<br \/>\n<\/strong><br \/>\nSeit 1966 zeichnet sich IMPERIAL weltweit durch die originalgetreue Reproduktion antiker Uhren, Kandelaber und Statuen aus. Dank einer einzigartigen Kollektion und hauseigener Produktion aus massivem Messing vereinen wir Kunst, Raffinesse und hochwertige Handwerkskunst in \u00fcber 200 Modellen, die von den prestigetr\u00e4chtigsten europ\u00e4ischen Stilen inspiriert sind.<\/span><\/p>\n\r\n\t\t\t<\/div>\r\n\t\t\t<style>@media screen and (max-width: 1023px) {.thegem-vc-text.thegem-custom-69f26f0b278b15120{display: block!important;}}@media screen and (max-width: 767px) {.thegem-vc-text.thegem-custom-69f26f0b278b15120{display: block!important;}}@media screen and (max-width: 1023px) {.thegem-vc-text.thegem-custom-69f26f0b278b15120{position: relative !important;}}@media screen and (max-width: 767px) {.thegem-vc-text.thegem-custom-69f26f0b278b15120{position: relative !important;}}<\/style>\r\n\t\t<\/div>\r\n\t\r\n<\/div><\/div><\/div><\/div><div class=\"vc_row-full-width vc_clearfix\"><\/div>\n<\/div>","protected":false},"excerpt":{"rendered":"","protected":false},"author":1,"featured_media":0,"parent":0,"menu_order":0,"comment_status":"closed","ping_status":"closed","template":"","meta":{"footnotes":""},"class_list":["post-25501","page","type-page","status-publish"],"_links":{"self":[{"href":"https:\/\/farbel.it\/de\/wp-json\/wp\/v2\/pages\/25501","targetHints":{"allow":["GET"]}}],"collection":[{"href":"https:\/\/farbel.it\/de\/wp-json\/wp\/v2\/pages"}],"about":[{"href":"https:\/\/farbel.it\/de\/wp-json\/wp\/v2\/types\/page"}],"author":[{"embeddable":true,"href":"https:\/\/farbel.it\/de\/wp-json\/wp\/v2\/users\/1"}],"replies":[{"embeddable":true,"href":"https:\/\/farbel.it\/de\/wp-json\/wp\/v2\/comments?post=25501"}],"version-history":[{"count":20,"href":"https:\/\/farbel.it\/de\/wp-json\/wp\/v2\/pages\/25501\/revisions"}],"predecessor-version":[{"id":25563,"href":"https:\/\/farbel.it\/de\/wp-json\/wp\/v2\/pages\/25501\/revisions\/25563"}],"wp:attachment":[{"href":"https:\/\/farbel.it\/de\/wp-json\/wp\/v2\/media?parent=25501"}],"curies":[{"name":"wp","href":"https:\/\/api.w.org\/{rel}","templated":true}]}}